{"version":"1.0","provider_name":"Acerca de Meta","provider_url":"https:\/\/about.fb.com\/ltam","author_name":"Meta","author_url":"https:\/\/about.fb.com\/ltam","title":"\"Dream Team\" de la Copa Am\u00e9rica | Acerca de Meta","type":"rich","width":600,"height":338,"html":"<blockquote class=\"wp-embedded-content\" data-secret=\"Fj6iUfDr9X\"><a href=\"https:\/\/about.fb.com\/ltam\/news\/2015\/06\/dream-team-de-la-copa-america\/\">\u00abDream Team\u00bb de la Copa Am\u00e9rica<\/a><\/blockquote><iframe sandbox=\"allow-scripts\" security=\"restricted\" src=\"https:\/\/about.fb.com\/ltam\/news\/2015\/06\/dream-team-de-la-copa-america\/embed\/#?secret=Fj6iUfDr9X\" width=\"600\" height=\"338\" title=\"&#171;\u00abDream Team\u00bb de la Copa Am\u00e9rica&#187; &#8212; Acerca de Meta\" data-secret=\"Fj6iUfDr9X\" frameborder=\"0\" marginwidth=\"0\" marginheight=\"0\" scrolling=\"no\" class=\"wp-embedded-content\"><\/iframe><script type=\"text\/javascript\">\n\/* <![CDATA[ *\/\n\/*! This file is auto-generated *\/\n!function(d,l){\"use strict\";l.querySelector&&d.addEventListener&&\"undefined\"!=typeof URL&&(d.wp=d.wp||{},d.wp.receiveEmbedMessage||(d.wp.receiveEmbedMessage=function(e){var t=e.data;if((t||t.secret||t.message||t.value)&&!\/[^a-zA-Z0-9]\/.test(t.secret)){for(var s,r,n,a=l.querySelectorAll('iframe[data-secret=\"'+t.secret+'\"]'),o=l.querySelectorAll('blockquote[data-secret=\"'+t.secret+'\"]'),c=new RegExp(\"^https?:$\",\"i\"),i=0;i<o.length;i++)o[i].style.display=\"none\";for(i=0;i<a.length;i++)s=a[i],e.source===s.contentWindow&&(s.removeAttribute(\"style\"),\"height\"===t.message?(1e3<(r=parseInt(t.value,10))?r=1e3:~~r<200&&(r=200),s.height=r):\"link\"===t.message&&(r=new URL(s.getAttribute(\"src\")),n=new URL(t.value),c.test(n.protocol))&&n.host===r.host&&l.activeElement===s&&(d.top.location.href=t.value))}},d.addEventListener(\"message\",d.wp.receiveEmbedMessage,!1),l.addEventListener(\"DOMContentLoaded\",function(){for(var e,t,s=l.querySelectorAll(\"iframe.wp-embedded-content\"),r=0;r<s.length;r++)(t=(e=s[r]).getAttribute(\"data-secret\"))||(t=Math.random().toString(36).substring(2,12),e.src+=\"#?secret=\"+t,e.setAttribute(\"data-secret\",t)),e.contentWindow.postMessage({message:\"ready\",secret:t},\"*\")},!1)))}(window,document);\n\/\/# sourceURL=https:\/\/about.fb.com\/ltam\/wp-includes\/js\/wp-embed.min.js\n\/* ]]> *\/\n<\/script>\n","description":"Si los 11 jugadores titulares fueran escogidos en base a los \u00abme gusta\u00bb de sus p\u00e1ginas oficiales y verificadas en Facebook, el resultado ser\u00eda una selecci\u00f3n colorida y variada de talentos de toda Am\u00e9rica Latina. El colombiano\u00a0David Ospina estar\u00eda en el arco, con una l\u00ednea defensiva formada por el brasile\u00f1o David Luiz, el mexicano Rafa M\u00e1rquez, el argentino Javier Mascherano y el uruguayo Diego God\u00edn. En el mediocampo estar\u00edan parados el brasile\u00f1o Willian Borges y los colombianos Juan Cuadrado y James Rodr\u00edguez. El argentino Lionel Messi, el brasile\u00f1o Neymar y el colombiano Radamel Falcao\u00a0formar\u00edan una l\u00ednea ofensiva imparable. El entrenador de ese equipo ser\u00eda el mexicano Miguel Herrera. (Versi\u00f3n actualizada el 10\/06\/2015)","thumbnail_url":"https:\/\/about.fb.com\/ltam\/wp-content\/uploads\/sites\/14\/2015\/06\/copa-america-2015-final-v2-spanish-1.jpeg"}