{"version":"1.0","provider_name":"\u00c0 propos de Meta","provider_url":"https:\/\/about.fb.com\/fr","author_name":"Meta","author_url":"https:\/\/about.fb.com\/fr","title":"Facebook lance les \u00e9v\u00e9nements dans les Stories | \u00c0 propos de Meta","type":"rich","width":600,"height":338,"html":"<blockquote class=\"wp-embedded-content\" data-secret=\"Gt2tXDB7iP\"><a href=\"https:\/\/about.fb.com\/fr\/news\/2019\/02\/facebook-lance-les-evenements-dans-les-stories\/\">Facebook lance les \u00e9v\u00e9nements dans les Stories<\/a><\/blockquote><iframe sandbox=\"allow-scripts\" security=\"restricted\" src=\"https:\/\/about.fb.com\/fr\/news\/2019\/02\/facebook-lance-les-evenements-dans-les-stories\/embed\/#?secret=Gt2tXDB7iP\" width=\"600\" height=\"338\" title=\"\u00ab\u00a0Facebook lance les \u00e9v\u00e9nements dans les Stories\u00a0\u00bb &#8212; \u00c0 propos de Meta\" data-secret=\"Gt2tXDB7iP\" frameborder=\"0\" marginwidth=\"0\" marginheight=\"0\" scrolling=\"no\" class=\"wp-embedded-content\"><\/iframe><script type=\"text\/javascript\">\n\/* <![CDATA[ *\/\n\/*! This file is auto-generated *\/\n!function(d,l){\"use strict\";l.querySelector&&d.addEventListener&&\"undefined\"!=typeof URL&&(d.wp=d.wp||{},d.wp.receiveEmbedMessage||(d.wp.receiveEmbedMessage=function(e){var t=e.data;if((t||t.secret||t.message||t.value)&&!\/[^a-zA-Z0-9]\/.test(t.secret)){for(var s,r,n,a=l.querySelectorAll('iframe[data-secret=\"'+t.secret+'\"]'),o=l.querySelectorAll('blockquote[data-secret=\"'+t.secret+'\"]'),c=new RegExp(\"^https?:$\",\"i\"),i=0;i<o.length;i++)o[i].style.display=\"none\";for(i=0;i<a.length;i++)s=a[i],e.source===s.contentWindow&&(s.removeAttribute(\"style\"),\"height\"===t.message?(1e3<(r=parseInt(t.value,10))?r=1e3:~~r<200&&(r=200),s.height=r):\"link\"===t.message&&(r=new URL(s.getAttribute(\"src\")),n=new URL(t.value),c.test(n.protocol))&&n.host===r.host&&l.activeElement===s&&(d.top.location.href=t.value))}},d.addEventListener(\"message\",d.wp.receiveEmbedMessage,!1),l.addEventListener(\"DOMContentLoaded\",function(){for(var e,t,s=l.querySelectorAll(\"iframe.wp-embedded-content\"),r=0;r<s.length;r++)(t=(e=s[r]).getAttribute(\"data-secret\"))||(t=Math.random().toString(36).substring(2,12),e.src+=\"#?secret=\"+t,e.setAttribute(\"data-secret\",t)),e.contentWindow.postMessage({message:\"ready\",secret:t},\"*\")},!1)))}(window,document);\n\/\/# sourceURL=https:\/\/about.fb.com\/fr\/wp-includes\/js\/wp-embed.min.js\n\/* ]]> *\/\n<\/script>\n","description":"Facebook d\u00e9voile le lancement\u00a0de\u00a0nouvelles fonctionnalit\u00e9s dans les\u00a0Stories pour partager les \u00e9v\u00e9nements qui vous int\u00e9ressent. En ce qui concerne les nouveaut\u00e9s : L\u2019option \u00ab\u00a0Partagez dans votre Story\u00a0\u00bb lorsque vous visitez une page d&rsquo;\u00e9v\u00e9nement, que vous voulez la partager avec vos amis et voir s&rsquo;ils sont \u00e9galement int\u00e9ress\u00e9s pour y aller. Un\u00a0autocollant \u00e0 mettre\u00a0sur votre Story qui donne d\u00e9sormais\u00a0les d\u00e9tails de l&rsquo;\u00e9v\u00e9nement, permet \u00e0 vos amis de r\u00e9pondre \u00ab\u00a0Int\u00e9ress\u00e9\u00a0\u00bb ou \u00ab\u00a0Participe\u00a0\u00bb directement \u00e0 partir de la Story &#8211;\u00a0renvoyant \u00e9galement\u00a0sur la page de l\u2019\u00e9v\u00e8nement avec un simple clic sur l\u2019autocollant. Comment utiliser les \u00e9v\u00e9nements dans les Stories\u00a0? Rendez-vous sur la page d&rsquo;un \u00e9v\u00e9nement qui vous int\u00e9resse. Cliquez sur \u00ab\u00a0Partager\u00a0\u00bb sous la date et l&rsquo;heure de l&rsquo;\u00e9v\u00e9nement. Cliquez sur \u00ab\u00a0votre story\u00a0\u00bb. Visionnez votre Story. Vos amis peuvent r\u00e9pondre \u00ab Int\u00e9ress\u00e9 \u00bb ou \u00ab Participe \u00bb \u00e0 l\u2019\u00e9v\u00e8nement. Consultez leur r\u00e9ponse et pr\u00e9voyez l\u2019\u00e9v\u00e8nement en cons\u00e9quence\u00a0! Cliquez sur le cercle d&rsquo;amis qui sont int\u00e9ress\u00e9s et commencez une discussion de groupe. &nbsp;","thumbnail_url":"https:\/\/about.fb.com\/fr\/wp-content\/uploads\/sites\/5\/2019\/02\/events-in-stories-all-1.png"}