{"version":"1.0","provider_name":"\u00c0 propos de Meta","provider_url":"https:\/\/about.fb.com\/fr","author_name":"Meta","author_url":"https:\/\/about.fb.com\/fr","title":"Antonio Lucio, CMO | \u00c0 propos de Meta","type":"rich","width":600,"height":338,"html":"<blockquote class=\"wp-embedded-content\" data-secret=\"ZajxvDOXL8\"><a href=\"https:\/\/about.fb.com\/fr\/media-gallery\/executives\/antonio-lucio\/\">Antonio Lucio, CMO<\/a><\/blockquote><iframe sandbox=\"allow-scripts\" security=\"restricted\" src=\"https:\/\/about.fb.com\/fr\/media-gallery\/executives\/antonio-lucio\/embed\/#?secret=ZajxvDOXL8\" width=\"600\" height=\"338\" title=\"\u00ab\u00a0Antonio Lucio, CMO\u00a0\u00bb &#8212; \u00c0 propos de Meta\" data-secret=\"ZajxvDOXL8\" frameborder=\"0\" marginwidth=\"0\" marginheight=\"0\" scrolling=\"no\" class=\"wp-embedded-content\"><\/iframe><script type=\"text\/javascript\">\n\/* <![CDATA[ *\/\n\/*! This file is auto-generated *\/\n!function(d,l){\"use strict\";l.querySelector&&d.addEventListener&&\"undefined\"!=typeof URL&&(d.wp=d.wp||{},d.wp.receiveEmbedMessage||(d.wp.receiveEmbedMessage=function(e){var t=e.data;if((t||t.secret||t.message||t.value)&&!\/[^a-zA-Z0-9]\/.test(t.secret)){for(var s,r,n,a=l.querySelectorAll('iframe[data-secret=\"'+t.secret+'\"]'),o=l.querySelectorAll('blockquote[data-secret=\"'+t.secret+'\"]'),c=new RegExp(\"^https?:$\",\"i\"),i=0;i<o.length;i++)o[i].style.display=\"none\";for(i=0;i<a.length;i++)s=a[i],e.source===s.contentWindow&&(s.removeAttribute(\"style\"),\"height\"===t.message?(1e3<(r=parseInt(t.value,10))?r=1e3:~~r<200&&(r=200),s.height=r):\"link\"===t.message&&(r=new URL(s.getAttribute(\"src\")),n=new URL(t.value),c.test(n.protocol))&&n.host===r.host&&l.activeElement===s&&(d.top.location.href=t.value))}},d.addEventListener(\"message\",d.wp.receiveEmbedMessage,!1),l.addEventListener(\"DOMContentLoaded\",function(){for(var e,t,s=l.querySelectorAll(\"iframe.wp-embedded-content\"),r=0;r<s.length;r++)(t=(e=s[r]).getAttribute(\"data-secret\"))||(t=Math.random().toString(36).substring(2,12),e.src+=\"#?secret=\"+t,e.setAttribute(\"data-secret\",t)),e.contentWindow.postMessage({message:\"ready\",secret:t},\"*\")},!1)))}(window,document);\n\/\/# sourceURL=https:\/\/about.fb.com\/fr\/wp-includes\/js\/wp-embed.min.js\n\/* ]]> *\/\n<\/script>\n","thumbnail_url":"https:\/\/about.fb.com\/fr\/wp-content\/uploads\/sites\/12\/2019\/11\/antonio-lucio.jpg?resize=1024,683","thumbnail_width":1024,"thumbnail_height":683,"description":"CMO Antonio Lucio est le CMO de Facebook. \u00c0 ce titre, il est responsable de l\u2019organisation Global Consumer Marketing, qui vise \u00e0 communiquer de mani\u00e8re plus transparente l\u2019histoire des marques, produits et services de Facebook. Fort de plus de 30\u00a0ans d\u2019exp\u00e9rience dans la cr\u00e9ation de marques qui r\u00e9sistent \u00e0 l\u2019\u00e9preuve du temps et fervent d\u00e9fenseur de la diversit\u00e9 et de l\u2019inclusion des groupes sous-repr\u00e9sent\u00e9s dans le secteur de la publicit\u00e9, il a r\u00e9cemment \u00e9t\u00e9 nomm\u00e9 3\u00e8me CMO le plus influent au monde. Il a obtenu une licence en histoire \u00e0 l\u2019universit\u00e9 d\u2019\u00c9tat de Louisiane. Il est n\u00e9 en Espagne, a grandi \u00e0 Porto Rico et r\u00e9side actuellement \u00e0 San Francisco."}