{"version":"1.0","provider_name":"\u00dcber Meta","provider_url":"https:\/\/about.fb.com\/de","author_name":"Meta","author_url":"https:\/\/about.fb.com\/de","title":"Gespr\u00e4chskreis Digitalit\u00e4t und Verantwortung | \u00dcber Meta","type":"rich","width":600,"height":338,"html":"<blockquote class=\"wp-embedded-content\" data-secret=\"nvLohNmWlp\"><a href=\"https:\/\/about.fb.com\/de\/news\/h\/gespraechskreis-digitalitaet-und-verantwortung-2\/\">Gespr\u00e4chskreis Digitalit\u00e4t und Verantwortung<\/a><\/blockquote><iframe sandbox=\"allow-scripts\" security=\"restricted\" src=\"https:\/\/about.fb.com\/de\/news\/h\/gespraechskreis-digitalitaet-und-verantwortung-2\/embed\/#?secret=nvLohNmWlp\" width=\"600\" height=\"338\" title=\"&#8222;Gespr\u00e4chskreis Digitalit\u00e4t und Verantwortung&#8220; &#8212; \u00dcber Meta\" data-secret=\"nvLohNmWlp\" frameborder=\"0\" marginwidth=\"0\" marginheight=\"0\" scrolling=\"no\" class=\"wp-embedded-content\"><\/iframe><script type=\"text\/javascript\">\n\/* <![CDATA[ *\/\n\/*! This file is auto-generated *\/\n!function(d,l){\"use strict\";l.querySelector&&d.addEventListener&&\"undefined\"!=typeof URL&&(d.wp=d.wp||{},d.wp.receiveEmbedMessage||(d.wp.receiveEmbedMessage=function(e){var t=e.data;if((t||t.secret||t.message||t.value)&&!\/[^a-zA-Z0-9]\/.test(t.secret)){for(var s,r,n,a=l.querySelectorAll('iframe[data-secret=\"'+t.secret+'\"]'),o=l.querySelectorAll('blockquote[data-secret=\"'+t.secret+'\"]'),c=new RegExp(\"^https?:$\",\"i\"),i=0;i<o.length;i++)o[i].style.display=\"none\";for(i=0;i<a.length;i++)s=a[i],e.source===s.contentWindow&&(s.removeAttribute(\"style\"),\"height\"===t.message?(1e3<(r=parseInt(t.value,10))?r=1e3:~~r<200&&(r=200),s.height=r):\"link\"===t.message&&(r=new URL(s.getAttribute(\"src\")),n=new URL(t.value),c.test(n.protocol))&&n.host===r.host&&l.activeElement===s&&(d.top.location.href=t.value))}},d.addEventListener(\"message\",d.wp.receiveEmbedMessage,!1),l.addEventListener(\"DOMContentLoaded\",function(){for(var e,t,s=l.querySelectorAll(\"iframe.wp-embedded-content\"),r=0;r<s.length;r++)(t=(e=s[r]).getAttribute(\"data-secret\"))||(t=Math.random().toString(36).substring(2,12),e.src+=\"#?secret=\"+t,e.setAttribute(\"data-secret\",t)),e.contentWindow.postMessage({message:\"ready\",secret:t},\"*\")},!1)))}(window,document);\n\/\/# sourceURL=https:\/\/about.fb.com\/de\/wp-includes\/js\/wp-embed.min.js\n\/* ]]> *\/\n<\/script>\n","thumbnail_url":"https:\/\/about.fb.com\/de\/wp-content\/uploads\/sites\/10\/2018\/10\/img_5412.jpg?resize=1024,984","thumbnail_width":1024,"thumbnail_height":984,"description":"Im Januar 2018 hat Facebook in enger Zusammenarbeit mit dem Theologen und Ethiker, Prof. Dr. Peter Dabrock, dem Vorsitzenden des Deutschen Ethikrates, den \u201cGespr\u00e4chskreis Digitalit\u00e4t und Verantwortung\u201d ins Leben gerufen.\u00a0Seither hat sich der Kreis drei Mal getroffen. Ziel des Gespr\u00e4chskreises ist es, sich zu Fragen von Demokratie und Digitalisierung insbesondere im Kontext sozialer Netzwerke auszutauschen und kritisch mit Vertreterinnen und Vertretern von Facebook zu diskutieren. Im Fokus standen bislang vorrangig Fragen der Hybridit\u00e4t von Plattform sowie die Rolle und Repr\u00e4sentanz des Nutzers. Eva-Maria Kirschsieper, Director Public Policy von Facebook in Deutschland, begr\u00fc\u00dft den Gespr\u00e4chskreis: &#8222;Wir sind dankbar f\u00fcr die M\u00f6glichkeit, uns mit Vertreterinnen und Vertretern\u00a0so unterschiedlicher Disziplinen intensiv und offen auszutauschen. Dies ist kein Beratergremium, sondern ein Raum, in dem wir sehr offen und kritisch diskutieren. In Anbetracht der immer komplexer werdenden Themen wird der Austausch zwischen\u00a0Unternehmen und unterschiedlichsten wissenschaftlichen Disziplinen und Gesellschaftsbereichen immer wichtiger.&#8220; Um die bislang diskutierten Themen zu vertiefen,\u00a0reist der Kreis f\u00fcr eine\u00a0Arbeitssitzung in die Facebook-Zentrale nach Menlo Park. \u201eNach dem intensiven Austausch in Deutschland freuen wir uns darauf, auch auf internationaler Ebene weiterf\u00fchrende Gespr\u00e4che mit f\u00fchrenden Mitarbeiterinnen und Mitarbeitern von Facebook f\u00fchren zu k\u00f6nnen\u201c, erg\u00e4nzt Prof. Dr. Peter Dabrock. TeilnehmerInnen des &#8222;Gespr\u00e4chskreis Digitalit\u00e4t und Verantwortung&#8220; Thorsten Benner, Global Public Policy Institute Prof. Irene Bertschek, Justus-Liebig-Universit\u00e4t Gie\u00dfen &amp; Zentrum f\u00fcr Europ\u00e4ische Wirtschaftsforschung (ZEW) in Mannheim Prof. Peter Dabrock,\u00a0Universit\u00e4t Erlangen-Nuernberg, Vorsitzender des Deutschen Ethikrates Prof Simon\u00a0Hegelich, TU M\u00fcnchen Prof. Jeanette Hofmann, Freie Universit\u00e4t Berlin Frederike\u00a0Kaltheuner, Privacy International Thomas Kleine-Brockhoff, German Marshall Fund Prof. Tobias Matzner, Universit\u00e4t Paderborn Prof. Christian\u00a0Montag, Universit\u00e4t Ulm &amp; UESTC in Chengdu, China Prof. Armin Nassehi, LMU M\u00fcnchen Prof. Henning V\u00f6pel, Hamburger Weltwirtschaftsinstitut (HWWI) Facebook: Norberto Andrade \u00a0Ime Archibong Monika Bickert Antigone Davis Deepti Doshi Nathaniel Gleicher John Hegeman, VP Kautchik Iyer Eva-Maria Kirschsieper Constanze\u00a0Osei-Becker Joaquin Qui\u00f1onero\u00a0Candela Elliot Schrage &nbsp;"}