{"version":"1.0","provider_name":"\u00dcber Meta","provider_url":"https:\/\/about.fb.com\/de","author_name":"Meta","author_url":"https:\/\/about.fb.com\/de","title":"Open House | Zukunft der Arbeit | \u00dcber Meta","type":"rich","width":600,"height":338,"html":"<blockquote class=\"wp-embedded-content\" data-secret=\"XtmJ4Hgcaz\"><a href=\"https:\/\/about.fb.com\/de\/news\/2020\/12\/open-house-zukunft-der-arbeit\/\">Open House | Zukunft der Arbeit<\/a><\/blockquote><iframe sandbox=\"allow-scripts\" security=\"restricted\" src=\"https:\/\/about.fb.com\/de\/news\/2020\/12\/open-house-zukunft-der-arbeit\/embed\/#?secret=XtmJ4Hgcaz\" width=\"600\" height=\"338\" title=\"&#8222;Open House | Zukunft der Arbeit&#8220; &#8212; \u00dcber Meta\" data-secret=\"XtmJ4Hgcaz\" frameborder=\"0\" marginwidth=\"0\" marginheight=\"0\" scrolling=\"no\" class=\"wp-embedded-content\"><\/iframe><script type=\"text\/javascript\">\n\/* <![CDATA[ *\/\n\/*! This file is auto-generated *\/\n!function(d,l){\"use strict\";l.querySelector&&d.addEventListener&&\"undefined\"!=typeof URL&&(d.wp=d.wp||{},d.wp.receiveEmbedMessage||(d.wp.receiveEmbedMessage=function(e){var t=e.data;if((t||t.secret||t.message||t.value)&&!\/[^a-zA-Z0-9]\/.test(t.secret)){for(var s,r,n,a=l.querySelectorAll('iframe[data-secret=\"'+t.secret+'\"]'),o=l.querySelectorAll('blockquote[data-secret=\"'+t.secret+'\"]'),c=new RegExp(\"^https?:$\",\"i\"),i=0;i<o.length;i++)o[i].style.display=\"none\";for(i=0;i<a.length;i++)s=a[i],e.source===s.contentWindow&&(s.removeAttribute(\"style\"),\"height\"===t.message?(1e3<(r=parseInt(t.value,10))?r=1e3:~~r<200&&(r=200),s.height=r):\"link\"===t.message&&(r=new URL(s.getAttribute(\"src\")),n=new URL(t.value),c.test(n.protocol))&&n.host===r.host&&l.activeElement===s&&(d.top.location.href=t.value))}},d.addEventListener(\"message\",d.wp.receiveEmbedMessage,!1),l.addEventListener(\"DOMContentLoaded\",function(){for(var e,t,s=l.querySelectorAll(\"iframe.wp-embedded-content\"),r=0;r<s.length;r++)(t=(e=s[r]).getAttribute(\"data-secret\"))||(t=Math.random().toString(36).substring(2,12),e.src+=\"#?secret=\"+t,e.setAttribute(\"data-secret\",t)),e.contentWindow.postMessage({message:\"ready\",secret:t},\"*\")},!1)))}(window,document);\n\/\/# sourceURL=https:\/\/about.fb.com\/de\/wp-includes\/js\/wp-embed.min.js\n\/* ]]> *\/\n<\/script>\n","description":"Die Digitalisierung hat gerade im Bereich des mobilen Arbeitens in den letzten Jahren einen enormen Sprung gemacht. Neben den vielen einschneidenden Erfahrungen, die wir als Gesellschaft unter dem Eindruck der globalen COVID19-Pandemie bereits gesammelt haben, gelten insbesondere die Auswirkungen auf das pers\u00f6nliche Arbeitsumfeld als Vorboten einer langfristigen Trendwende. Vor dem Hintergrund einer immer realer werdenden, digitalen Arbeitswirklichkeit wollen wir gemeinsam diskutieren, was dieser Trend f\u00fcr uns als Gesellschaft bedeutet und wie sich die Digitalisierung langfristig auf unsere Arbeit auswirkt. Welche Zukunftsszenarien gibt es? Ist das neue \u201cremote working\u201d vielleicht auch eine Chance, die Diversit\u00e4t der Belegschaft zu erh\u00f6hen? Was k\u00f6nnen Wirtschaft, Politik und Zivilgesellschaft tun, um diese Transformation gemeinsam anzugehen und den neuen Anforderungen gerecht zu werden?\u00a0 Nicola Mendelsohn, Vice President bei Facebook f\u00fcr Europa, den Nahen Osten und Afrika diskutiert mit Bj\u00f6rn B\u00f6hning, Staatssekret\u00e4r im Bundesministerium f\u00fcr Arbeit und Soziales.","thumbnail_url":"https:\/\/about.fb.com\/de\/wp-content\/uploads\/sites\/10\/2022\/03\/OH.png?w=769"}