{"version":"1.0","provider_name":"Sobre a Meta","provider_url":"https:\/\/about.fb.com\/br","author_name":"Meta","author_url":"https:\/\/about.fb.com\/br","title":"Juntos combatendo a mudan\u00e7a clim\u00e1tica | Sobre a Meta","type":"rich","width":600,"height":338,"html":"<blockquote class=\"wp-embedded-content\" data-secret=\"wshFaq47Hy\"><a href=\"https:\/\/about.fb.com\/br\/news\/2021\/09\/juntos-combatendo-a-mudanca-climatica\/\">Juntos combatendo a mudan\u00e7a clim\u00e1tica<\/a><\/blockquote><iframe sandbox=\"allow-scripts\" security=\"restricted\" src=\"https:\/\/about.fb.com\/br\/news\/2021\/09\/juntos-combatendo-a-mudanca-climatica\/embed\/#?secret=wshFaq47Hy\" width=\"600\" height=\"338\" title=\"&#8220;Juntos combatendo a mudan\u00e7a clim\u00e1tica&#8221; &#8212; Sobre a Meta\" data-secret=\"wshFaq47Hy\" frameborder=\"0\" marginwidth=\"0\" marginheight=\"0\" scrolling=\"no\" class=\"wp-embedded-content\"><\/iframe><script type=\"text\/javascript\">\n\/* <![CDATA[ *\/\n\/*! This file is auto-generated *\/\n!function(d,l){\"use strict\";l.querySelector&&d.addEventListener&&\"undefined\"!=typeof URL&&(d.wp=d.wp||{},d.wp.receiveEmbedMessage||(d.wp.receiveEmbedMessage=function(e){var t=e.data;if((t||t.secret||t.message||t.value)&&!\/[^a-zA-Z0-9]\/.test(t.secret)){for(var s,r,n,a=l.querySelectorAll('iframe[data-secret=\"'+t.secret+'\"]'),o=l.querySelectorAll('blockquote[data-secret=\"'+t.secret+'\"]'),c=new RegExp(\"^https?:$\",\"i\"),i=0;i<o.length;i++)o[i].style.display=\"none\";for(i=0;i<a.length;i++)s=a[i],e.source===s.contentWindow&&(s.removeAttribute(\"style\"),\"height\"===t.message?(1e3<(r=parseInt(t.value,10))?r=1e3:~~r<200&&(r=200),s.height=r):\"link\"===t.message&&(r=new URL(s.getAttribute(\"src\")),n=new URL(t.value),c.test(n.protocol))&&n.host===r.host&&l.activeElement===s&&(d.top.location.href=t.value))}},d.addEventListener(\"message\",d.wp.receiveEmbedMessage,!1),l.addEventListener(\"DOMContentLoaded\",function(){for(var e,t,s=l.querySelectorAll(\"iframe.wp-embedded-content\"),r=0;r<s.length;r++)(t=(e=s[r]).getAttribute(\"data-secret\"))||(t=Math.random().toString(36).substring(2,12),e.src+=\"#?secret=\"+t,e.setAttribute(\"data-secret\",t)),e.contentWindow.postMessage({message:\"ready\",secret:t},\"*\")},!1)))}(window,document);\n\/\/# sourceURL=https:\/\/about.fb.com\/br\/wp-includes\/js\/wp-embed.min.js\n\/* ]]> *\/\n<\/script>\n","thumbnail_url":"https:\/\/about.fb.com\/br\/wp-content\/uploads\/sites\/11\/2021\/09\/NRP-Climate-Week_Header.jpeg?resize=1024,576","thumbnail_width":1024,"thumbnail_height":576,"description":"Um relat\u00f3rio recente do Painel Intergovernamental sobre Mudan\u00e7as Clim\u00e1ticas (IPCC) ressaltou que, embora n\u00e3o possamos impedir que o aquecimento global se intensifique nos pr\u00f3ximos 30 anos, as a\u00e7\u00f5es que tomamos agora ainda podem ajudar a desacelerar ou at\u00e9 mesmo estabilizar o aumento das temperaturas. Sabemos que esta \u00e9 uma quest\u00e3o importante para nossa comunidade. Em uma pesquisa que realizamos no in\u00edcio deste ano no Facebook, em parceria com o Programa Yale de Comunica\u00e7\u00e3o sobre Mudan\u00e7as Clim\u00e1ticas, descobrimos que mais de 6 em cada 10 pessoas em todos os pa\u00edses e territ\u00f3rios pesquisados \u200b\u200bquerem mais informa\u00e7\u00f5es sobre as mudan\u00e7as clim\u00e1ticas. Hoje, estamos anunciando v\u00e1rias novas medidas para ajudar nossa comunidade a se envolver com temas clim\u00e1ticos e garantir que as pessoas tenham acesso a informa\u00e7\u00f5es confi\u00e1veis, reduzindo a desinforma\u00e7\u00e3o: Expandindo o Centro de Informa\u00e7\u00f5es da Ci\u00eancia do Clima: um ano ap\u00f3s o lan\u00e7amento do Centro de Informa\u00e7\u00f5es da Ci\u00eancia do Clima, estamos renomeando-o como Central de Ci\u00eancia do Clima e adicionando novos recursos, como question\u00e1rios, para melhor informar e envolver nossa comunidade sobre as mudan\u00e7as clim\u00e1ticas. Aumento de informa\u00e7\u00f5es confi\u00e1veis \u200b\u200bsobre mudan\u00e7as clim\u00e1ticas: Estamos anunciando um investimento de US$ 1 milh\u00e3o em um novo programa de subs\u00eddios clim\u00e1ticos, em parceria com a International Fact Checking Network, para apoiar organiza\u00e7\u00f5es que trabalham para combater a desinforma\u00e7\u00e3o clim\u00e1tica. Estamos expandindo nossa se\u00e7\u00e3o de Fatos sobre Mudan\u00e7as Clim\u00e1ticas da Central de Ci\u00eancias do Clima com fatos adicionais sobre mudan\u00e7as clim\u00e1ticas. Elevando as vozes do clima: estamos lan\u00e7ando uma s\u00e9rie de v\u00eddeos para destacar os jovens defensores do clima em nossas plataformas, incluindo Facebook e Instagram, no per\u00edodo entre a Semana do Clima de Nova York e a COP26. Expandindo a Central de Ci\u00eancia do Clima No ano passado, lan\u00e7amos o Centro de Informa\u00e7\u00f5es sobre Ci\u00eancias do Clima em quatro pa\u00edses para conectar as pessoas com informa\u00e7\u00f5es baseadas na ci\u00eancia sobre as mudan\u00e7as clim\u00e1ticas. Desde ent\u00e3o, o expandimos para 16 pa\u00edses com mais de 3,8 milh\u00f5es de seguidores e mais de 100.000 visitantes di\u00e1rios. Um aprendizado importante no ano passado \u00e9 que, embora fornecer informa\u00e7\u00f5es confi\u00e1veis \u200b\u200bseja um passo inicial importante, podemos incluir recursos adicionais para melhor informar e envolver nossa comunidade nas mudan\u00e7as clim\u00e1ticas. \u00c9 por isso que estamos renomeando o hub para Central de Ci\u00eancia do Clima e adicionamos novos m\u00f3dulos, como um quiz, em colabora\u00e7\u00e3o com o IPCC, para testar seus conhecimentos sobre mudan\u00e7as clim\u00e1ticas e informa\u00e7\u00f5es sobre crises relacionadas ao clima, come\u00e7ando com dados sobre inc\u00eandios florestais. Dando novos passos para combater a desinforma\u00e7\u00e3o clim\u00e1tica Estamos tomando medidas para garantir que as pessoas tenham acesso a informa\u00e7\u00f5es confi\u00e1veis \u200b\u200be, ao mesmo tempo, reduzir a desinforma\u00e7\u00e3o clim\u00e1tica, mesmo que ela represente uma pequena parte do conte\u00fado geral sobre o clima em nossos aplicativos. Estamos anunciando um Programa de Subs\u00eddio contra Desinforma\u00e7\u00e3o Clim\u00e1tica, administrado pela International Fact Checking Network, para apoiar organiza\u00e7\u00f5es que trabalham para combater a desinforma\u00e7\u00e3o clim\u00e1tica. Por meio desse valor de US $1 milh\u00e3o neste novo programa de subs\u00eddios, vamos investir em propostas que construam alian\u00e7as entre fact-checkers, especialistas em clima e outras organiza\u00e7\u00f5es para apoiar projetos que se concentram no combate \u00e0 desinforma\u00e7\u00e3o clim\u00e1tica. Depois de consultas a especialistas em comunica\u00e7\u00e3o sobre o clima do Programa Yale de Comunica\u00e7\u00e3o sobre Mudan\u00e7as Clim\u00e1ticas, da Universidade de Cambridge e da Universidade de Monash, tamb\u00e9m estamos adicionando novos fatos \u00e0 se\u00e7\u00e3o de Fatos sobre Mudan\u00e7as Clim\u00e1ticas da Central de Ci\u00eancia do Clima, como \u201cOs n\u00edveis do mar subiram uma m\u00e9dia de 20 cent\u00edmetros em todo o mundo, desde 1880\u201d e\u201c A maneira como os cientistas prev\u00eaem mudan\u00e7as nos padr\u00f5es do clima provou ser confi\u00e1vel.\u201d Esses fatos desmascaram os mitos clim\u00e1ticos comuns e fornecem informa\u00e7\u00f5es confi\u00e1veis \u200b\u200bdas principais organiza\u00e7\u00f5es clim\u00e1ticas. Elevando as vozes do clima Durante a Semana do Clima de Nova York, de 20 a 26 de setembro, iremos destacar os criadores e os defensores que aumentam a conscientiza\u00e7\u00e3o sobre as mudan\u00e7as clim\u00e1ticas por meio de nossos aplicativos. Tamb\u00e9m lan\u00e7aremos um v\u00eddeo especial de sustentabilidade alimentar com Sydel Curry-Lee no Facebook Watch, apresentando uma s\u00e9rie de produtores de conte\u00fado sobre o clima no @Instagram, e destacando v\u00e1rios defensores do meio ambiente em um esfor\u00e7o para inspirar e informar outras pessoas no @Facebook. Tamb\u00e9m continuaremos a apoiar a s\u00e9rie Say It With Science no Facebook, em que a Funda\u00e7\u00e3o das Na\u00e7\u00f5es Unidas e o IPCC trazem cientistas e jovens defensores do meio ambiente para apresentar \u00e0 nossa comunidade as \u00faltimas novidades cient\u00edficas sobre o clima. Continuamos a nos inspirar por todos os meios que nossa comunidade utiliza para combater as mudan\u00e7as clim\u00e1ticas &#8211; desde as 6 milh\u00f5es de pessoas que fazem parte de pelo menos um dos 18.000 Grupos do Facebook dedicados a proteger nosso meio ambiente, at\u00e9 as 3,5 milh\u00f5es de pessoas que arrecadaram mais de US$ 130 milh\u00f5es para as causas ambientais no Facebook e Instagram."}