{"version":"1.0","provider_name":"Sobre a Meta","provider_url":"https:\/\/about.fb.com\/br","author_name":"Meta","author_url":"https:\/\/about.fb.com\/br","title":"Protegendo as elei\u00e7\u00f5es no Brasil | Sobre a Meta","type":"rich","width":600,"height":338,"html":"<blockquote class=\"wp-embedded-content\" data-secret=\"mb9EMdWt74\"><a href=\"https:\/\/about.fb.com\/br\/news\/2018\/07\/protegendo-as-eleicoes-no-brasil\/\">Protegendo as elei\u00e7\u00f5es no Brasil<\/a><\/blockquote><iframe sandbox=\"allow-scripts\" security=\"restricted\" src=\"https:\/\/about.fb.com\/br\/news\/2018\/07\/protegendo-as-eleicoes-no-brasil\/embed\/#?secret=mb9EMdWt74\" width=\"600\" height=\"338\" title=\"&#8220;Protegendo as elei\u00e7\u00f5es no Brasil&#8221; &#8212; Sobre a Meta\" data-secret=\"mb9EMdWt74\" frameborder=\"0\" marginwidth=\"0\" marginheight=\"0\" scrolling=\"no\" class=\"wp-embedded-content\"><\/iframe><script type=\"text\/javascript\">\n\/* <![CDATA[ *\/\n\/*! This file is auto-generated *\/\n!function(d,l){\"use strict\";l.querySelector&&d.addEventListener&&\"undefined\"!=typeof URL&&(d.wp=d.wp||{},d.wp.receiveEmbedMessage||(d.wp.receiveEmbedMessage=function(e){var t=e.data;if((t||t.secret||t.message||t.value)&&!\/[^a-zA-Z0-9]\/.test(t.secret)){for(var s,r,n,a=l.querySelectorAll('iframe[data-secret=\"'+t.secret+'\"]'),o=l.querySelectorAll('blockquote[data-secret=\"'+t.secret+'\"]'),c=new RegExp(\"^https?:$\",\"i\"),i=0;i<o.length;i++)o[i].style.display=\"none\";for(i=0;i<a.length;i++)s=a[i],e.source===s.contentWindow&&(s.removeAttribute(\"style\"),\"height\"===t.message?(1e3<(r=parseInt(t.value,10))?r=1e3:~~r<200&&(r=200),s.height=r):\"link\"===t.message&&(r=new URL(s.getAttribute(\"src\")),n=new URL(t.value),c.test(n.protocol))&&n.host===r.host&&l.activeElement===s&&(d.top.location.href=t.value))}},d.addEventListener(\"message\",d.wp.receiveEmbedMessage,!1),l.addEventListener(\"DOMContentLoaded\",function(){for(var e,t,s=l.querySelectorAll(\"iframe.wp-embedded-content\"),r=0;r<s.length;r++)(t=(e=s[r]).getAttribute(\"data-secret\"))||(t=Math.random().toString(36).substring(2,12),e.src+=\"#?secret=\"+t,e.setAttribute(\"data-secret\",t)),e.contentWindow.postMessage({message:\"ready\",secret:t},\"*\")},!1)))}(window,document);\n\/\/# sourceURL=https:\/\/about.fb.com\/br\/wp-includes\/js\/wp-embed.min.js\n\/* ]]> *\/\n<\/script>\n","description":"Por Katie Harbath, Diretora global de engajamento com pol\u00edticos e governos do Facebook As elei\u00e7\u00f5es no Brasil s\u00e3o uma prioridade para o Facebook e estamos comprometidos em proteger a plataforma contra abusos ao mesmo tempo em que amplificamos os efeitos positivos dela. Estamos trabalhando muito para evitar que pessoas mal-intencionadas utilizem a desinforma\u00e7\u00e3o para prejudicar o processo democr\u00e1tico e realizamos mudan\u00e7as importantes para trazer novos padr\u00f5es de transpar\u00eancia aos an\u00fancios, especialmente quando esses an\u00fancios possuem conte\u00fado pol\u00edtico. Tamb\u00e9m criamos produtos de engajamento c\u00edvico para ajudar as pessoas a terem voz ativa nos seus governos todos os dias &#8211; n\u00e3o apenas no dia das elei\u00e7\u00f5es. Veja a seguir as iniciativas que desenvolvemos especificamente para o Brasil em prepara\u00e7\u00e3o para as elei\u00e7\u00f5es de outubro: Agindo contra pessoas mal-intencionadas &#8211; Nos \u00faltimos meses, removemos contas inaut\u00eanticas que violam nossas pol\u00edticas e s\u00e3o frequentemente usadas por pessoas mal-intencionadas para ocultar atividades il\u00edcitas. Este \u00e9 um esfor\u00e7o cont\u00ednuo para n\u00f3s no Facebook. Transpar\u00eancia de an\u00fancios &#8211; Estamos dando passos significativos para trazer mais transpar\u00eancia aos an\u00fancios e P\u00e1ginas no Facebook. Em junho, lan\u00e7amos a possibilidade de as pessoas verem todos os an\u00fancios que uma P\u00e1gina est\u00e1 veiculando no Facebook e no Instagram, mesmo que esses an\u00fancios n\u00e3o tenham aparecido em seu Feed de Not\u00edcias. Voc\u00ea tamb\u00e9m pode saber mais sobre as P\u00e1ginas, mesmo que elas n\u00e3o anunciem. Por exemplo, voc\u00ea pode ver quaisquer altera\u00e7\u00f5es de nome recentes e a data em que a P\u00e1gina foi criada. Todas as P\u00e1ginas agora t\u00eam uma se\u00e7\u00e3o &#8220;Informa\u00e7\u00f5es e an\u00fancios&#8221; no menu \u00e0 esquerda, onde todos os an\u00fancios ativos s\u00e3o exibidos. Quando se trata de an\u00fancios pol\u00edticos, queremos ser ainda mais transparentes &#8211; e o Brasil \u00e9 o segundo pa\u00eds do mundo onde estamos lan\u00e7ando marca\u00e7\u00f5es que informam \u00e0s pessoas quem pagou pelos an\u00fancios relacionados \u00e0 pol\u00edtica, al\u00e9m da ferramenta Biblioteca de An\u00fancios, que hospedar\u00e1 por 7 anos os an\u00fancios relacionados \u00e0 pol\u00edtica. Registro para veicular An\u00fancios relacionados a pol\u00edtica, incluindo propaganda eleitoral &#8211; a partir de 31 de julho, os anunciantes no Brasil poder\u00e3o se registrar no Facebook para marcar seus an\u00fancios como eleitorais. Eles precisar\u00e3o passar por autoriza\u00e7\u00f5es para realizar essa a\u00e7\u00e3o; Propaganda Eleitoral no Brasil &#8211; a partir de 16 de agosto, os anunciantes poder\u00e3o usar um r\u00f3tulo de propaganda eleitoral no Brasil; Biblioteca de An\u00fancios para an\u00fancios relacionados \u00e0 pol\u00edtica, incluindo propaganda eleitoral &#8211; tamb\u00e9m a partir de 16 de agosto, qualquer pessoa poder\u00e1 ver todos os an\u00fancios eleitorais &#8211; ativos e inativos &#8211; em uma biblioteca que ser\u00e1 lan\u00e7ada no Brasil. Os brasileiros ver\u00e3o quais an\u00fancios foram marcados pelos anunciantes nessa categoria. A Biblioteca de An\u00fancios tamb\u00e9m mostrar\u00e1 a imagem e o texto dos an\u00fancios, al\u00e9m de informa\u00e7\u00f5es adicionais, como o valor aproximado gasto e as informa\u00e7\u00f5es sobre o p\u00fablico demogr\u00e1fico impactado por cada an\u00fancio. Cooperando com autoridades &#8211; Temos trabalhado proativamente com o Tribunal Superior Eleitoral (TSE) do Brasil e com os Tribunais Regionais Eleitorais para ajudar a garantir a integridade das elei\u00e7\u00f5es. Reconhecemos a import\u00e2ncia de trabalhar com as autoridades locais para incentivar a participa\u00e7\u00e3o c\u00edvica nas elei\u00e7\u00f5es. Com isso em mente, assinamos no in\u00edcio de julho um memorando de entendimento que inclui nosso compromisso de combater a desinforma\u00e7\u00e3o, al\u00e9m de apoiar projetos de fomento \u00e0 educa\u00e7\u00e3o digital e iniciativas que promovam o jornalismo de qualidade. Desinforma\u00e7\u00e3o \u2013 No Facebook, estamos comprometidos em conter a dissemina\u00e7\u00e3o de conte\u00fado de baixa qualidade e garantir que as pessoas saibam identificar fontes de not\u00edcias confi\u00e1veis. Algumas das medidas que j\u00e1 adotamos para isto s\u00e3o as parcerias que estabelecemos com organiza\u00e7\u00f5es especialistas, o apoio a projetos locais de news literacy, e campanhas de educa\u00e7\u00e3o que promovemos para apoiar o consumo de informa\u00e7\u00f5es de qualidade. No Brasil, n\u00f3s financiamos as iniciativas abaixo para ajudar as pessoas a tomarem decis\u00f5es mais informadas a respeito do conte\u00fado que elas consomem: Vaza, Falsiane! \u2013 o projeto \u00e9 um curso online gratuito que busca apoiar as habilidades de interpreta\u00e7\u00e3o de not\u00edcias, incentivar uma an\u00e1lise cr\u00edtica das fontes de informa\u00e7\u00e3o e contribuir para a qualidade do debate no Facebook. F\u00e1tima &#8211; o bot F\u00e1tima conversar\u00e1 com pessoas pelo Messenger para auxili\u00e1-las no processo de verifica\u00e7\u00e3o de conte\u00fado online. Lupe &#8211; um projeto para checar as declara\u00e7\u00f5es dos candidatos nas elei\u00e7\u00f5es presidenciais deste ano, desmentir rumores e que desenvolver\u00e1 um chatbot para responder a perguntas de pessoas no Messenger, com base no banco de dados da ag\u00eancia Lupa. Comprova &#8211; Um programa colaborativo que re\u00fane jornalistas de 24 organiza\u00e7\u00f5es de m\u00eddia no Brasil para verificar not\u00edcias durante a campanha eleitoral deste ano. Em maio, lan\u00e7amos nosso programa de verifica\u00e7\u00e3o de fatos no Brasil. Fizemos uma parceria com as reconhecidas ag\u00eancias de checagem de fatos da Ag\u00eancia Lupa, Aos Fatos e Agence France-Presse (AFP) para revisar as not\u00edcias no Facebook, verificar seus fatos e avaliar sua precis\u00e3o. Quando eles marcam uma hist\u00f3ria como falsa, mostramos menos esse conte\u00fado no Feed de Not\u00edcias, reduzindo significativamente sua distribui\u00e7\u00e3o. Tamb\u00e9m em maio, fizemos uma campanha de marketing no Brasil em grandes jornais, revistas e tamb\u00e9m no Feed de Not\u00edcias, com dicas para ajudar as pessoas a identificar not\u00edcias potencialmente falsas. Promovendo engajamento c\u00edvico &#8211; Como parte do nosso trabalho cont\u00ednuo para ajudar a construir uma comunidade informada e engajada, tamb\u00e9m estamos lan\u00e7ando produtos que tornam mais f\u00e1cil para os eleitores se informarem antes das elei\u00e7\u00f5es. Aba &#8220;Temas&#8221; &#8211; Lan\u00e7amos recentemente a aba Temas em P\u00e1ginas com conte\u00fado pol\u00edtico para que as pessoas conhe\u00e7am mais sobre a vis\u00e3o de pol\u00edticos em temas como educa\u00e7\u00e3o, emprego, seguran\u00e7a e economia. Registro de Eleitores &#8211; Em maio, n\u00f3s rodamos no Brasil um lembrete para o Registro de Eleitores no Feed de Not\u00edcias. Town Hall &#8211; N\u00f3s lan\u00e7aremos o recurso Town Hall no Brasil antes das elei\u00e7\u00f5es, o que permitir\u00e1 que as pessoas localizem, sigam e contatem seus representantes. Informed Voter Button &#8211; Antes das elei\u00e7\u00f5es, os brasileiros ver\u00e3o o Informed Voter Button, que redireciona as pessoas para a P\u00e1gina das autoridades eleitorais com informa\u00e7\u00f5es \u00fateis. Megafone &#8211; No dia das elei\u00e7\u00f5es, as pessoas ver\u00e3o uma mensagem no Feed de Not\u00edcias, lembrando sobre a vota\u00e7\u00e3o, e tamb\u00e9m vinculando informa\u00e7\u00f5es sobre locais de vota\u00e7\u00e3o.","thumbnail_url":"https:\/\/about.fb.com\/br\/wp-content\/uploads\/sites\/11\/2018\/07\/imagem-12-1.png"}