{"version":"1.0","provider_name":"Sobre a Meta","provider_url":"https:\/\/about.fb.com\/br","author_name":"Meta","author_url":"https:\/\/about.fb.com\/br","title":"Dia Mundial de Preven\u00e7\u00e3o ao Suic\u00eddio | Sobre a Meta","type":"rich","width":600,"height":338,"html":"<blockquote class=\"wp-embedded-content\" data-secret=\"vwNTM8ZQH0\"><a href=\"https:\/\/about.fb.com\/br\/news\/2017\/09\/dia-mundial-de-prevencao-ao-suicidio\/\">Dia Mundial de Preven\u00e7\u00e3o ao Suic\u00eddio<\/a><\/blockquote><iframe sandbox=\"allow-scripts\" security=\"restricted\" src=\"https:\/\/about.fb.com\/br\/news\/2017\/09\/dia-mundial-de-prevencao-ao-suicidio\/embed\/#?secret=vwNTM8ZQH0\" width=\"600\" height=\"338\" title=\"&#8220;Dia Mundial de Preven\u00e7\u00e3o ao Suic\u00eddio&#8221; &#8212; Sobre a Meta\" data-secret=\"vwNTM8ZQH0\" frameborder=\"0\" marginwidth=\"0\" marginheight=\"0\" scrolling=\"no\" class=\"wp-embedded-content\"><\/iframe><script type=\"text\/javascript\">\n\/* <![CDATA[ *\/\n\/*! This file is auto-generated *\/\n!function(d,l){\"use strict\";l.querySelector&&d.addEventListener&&\"undefined\"!=typeof URL&&(d.wp=d.wp||{},d.wp.receiveEmbedMessage||(d.wp.receiveEmbedMessage=function(e){var t=e.data;if((t||t.secret||t.message||t.value)&&!\/[^a-zA-Z0-9]\/.test(t.secret)){for(var s,r,n,a=l.querySelectorAll('iframe[data-secret=\"'+t.secret+'\"]'),o=l.querySelectorAll('blockquote[data-secret=\"'+t.secret+'\"]'),c=new RegExp(\"^https?:$\",\"i\"),i=0;i<o.length;i++)o[i].style.display=\"none\";for(i=0;i<a.length;i++)s=a[i],e.source===s.contentWindow&&(s.removeAttribute(\"style\"),\"height\"===t.message?(1e3<(r=parseInt(t.value,10))?r=1e3:~~r<200&&(r=200),s.height=r):\"link\"===t.message&&(r=new URL(s.getAttribute(\"src\")),n=new URL(t.value),c.test(n.protocol))&&n.host===r.host&&l.activeElement===s&&(d.top.location.href=t.value))}},d.addEventListener(\"message\",d.wp.receiveEmbedMessage,!1),l.addEventListener(\"DOMContentLoaded\",function(){for(var e,t,s=l.querySelectorAll(\"iframe.wp-embedded-content\"),r=0;r<s.length;r++)(t=(e=s[r]).getAttribute(\"data-secret\"))||(t=Math.random().toString(36).substring(2,12),e.src+=\"#?secret=\"+t,e.setAttribute(\"data-secret\",t)),e.contentWindow.postMessage({message:\"ready\",secret:t},\"*\")},!1)))}(window,document);\n\/\/# sourceURL=https:\/\/about.fb.com\/br\/wp-includes\/js\/wp-embed.min.js\n\/* ]]> *\/\n<\/script>\n","description":"Ajudar a criar um ambiente seguro e comunidades de apoio dentro e fora do Facebook \u00e9 nossa maior prioridade. Temos desenvolvido por mais de uma d\u00e9cada recursos para pessoas em situa\u00e7\u00e3o de estresse emocional, trabalhando com reconhecidas organiza\u00e7\u00f5es como o Centro de Valoriza\u00e7\u00e3o da Vida (CVV) e a SaferNet no Brasil. Por causa das rela\u00e7\u00f5es que as pessoas t\u00eam com amigos e parentes no Facebook, estamos em uma posi\u00e7\u00e3o \u00fanica para conectar aqueles em dificuldades com quem pode ajud\u00e1-los. Especialistas em sa\u00fade mental afirmam que essas conex\u00f5es podem ajudar a prevenir suic\u00eddios, e vemos isso acontecer de v\u00e1rias formas. Hoje, em um reconhecimento ao Dia Mundial de Preven\u00e7\u00e3o ao Suic\u00eddio, que acontece em 10 de setembro, estamos anunciando uma s\u00e9rie de iniciativas para ajudar ainda mais as pessoas passando por dificuldades emocionais. Nova se\u00e7\u00e3o na Central de Seguran\u00e7a Estamos lan\u00e7ando uma nova se\u00e7\u00e3o sobre Bem-estar online na nossa Central de Seguran\u00e7a. A nova se\u00e7\u00e3o inclui informa\u00e7\u00f5es e recursos de preven\u00e7\u00e3o ao suic\u00eddio, como sinais para identificar se um amigo est\u00e1 enfrentando dificuldades e o que voc\u00ea pode fazer para ajud\u00e1-lo, seja falando com ele, oferecendo suporte de organiza\u00e7\u00f5es como o CVV ou at\u00e9 mesmo alertando o Facebook para que o amigo tenha acesso a alguns recursos de suporte emocional na nossa plataforma. Campanha no Feed de Not\u00edcias Ao longo de setembro, vamos promover uma campanha no Feed de Not\u00edcias no Brasil e em alguns outros pa\u00edses para conectar as pessoas no Facebook a informa\u00e7\u00f5es sobre nossos recursos de preven\u00e7\u00e3o ao suic\u00eddio e como encontrar Grupos de suporte na plataforma. Live educativo sobre preven\u00e7\u00e3o ao suic\u00eddio Em 6 de setembro, organizamos um Live educativo com os parceiros do CVV e da SaferNet, para que especialistas deem orienta\u00e7\u00f5es sobre como identificar sinais de amigos ou parentes em situa\u00e7\u00e3o delicada e o que fazer para ajud\u00e1-los. Alguns sinais poss\u00edveis s\u00e3o mensagens, fotos ou v\u00eddeos de uma pessoa falando que se sente sozinha, desamparada e que mostra irritabilidade ou hostilidade fora do comum. Com a ajuda de nossos parceiros, amigos e familiares das pessoas no Facebook, esperamos continuar a ajudar aqueles passando por momentos dif\u00edceis.","thumbnail_url":"https:\/\/about.fb.com\/br\/wp-content\/uploads\/sites\/11\/2021\/10\/meta-social-16x9-1.jpg?resize=1024,576","thumbnail_width":1024,"thumbnail_height":576}